{"id":1410,"date":"2018-05-14T09:55:01","date_gmt":"2018-05-14T08:55:01","guid":{"rendered":"http:\/\/www.lagrasse.fr\/?post_type=mec-events&#038;p=1410"},"modified":"2019-05-13T09:51:46","modified_gmt":"2019-05-13T08:51:46","slug":"en-blanc-et-noir","status":"publish","type":"mec-events","link":"http:\/\/www.lagrasse.fr\/?mec-events=en-blanc-et-noir","title":{"rendered":"En blanc et noir"},"content":{"rendered":"<p><span class=\"style1\"><strong>6 \u00e8me \u00e9dition Festival de Piano<\/strong><\/span><\/p>\n<p><span class=\"style1\">Depuis 2013, l\u2019association EBEN organise au d\u00e9but du mois de juillet le festival de piano <strong>EN BLANC ET NOIR<\/strong>. \u00a0La sc\u00e8ne, situ\u00e9e sur la magnifique Place de la Halle de Lagrasse, accueille de jeunes artistes internationaux au d\u00e9but de leur carri\u00e8re.<br \/>\nLe programme 2018, intitul\u00e9 <strong><em>AUTOUR DE DEBUSSY ET DE BERNSTEIN<\/em><\/strong>, \u00a0aura lieu du 6 au 11 juillet et proposera une vingtaine de concerts\u00a0; ceux de minuit se d\u00e9rouleront \u00e0 la lueur des bougies dans une ambiance empreinte de r\u00eaverie.<br \/>\nComme chaque ann\u00e9e, <strong>l\u2019acc\u00e8s au festival est libre et gratuit pour tous<\/strong>.<br \/>\nPour plus de renseignements, visitez notre site\u00a0: <a href=\"http:\/\/enblancetnoir.com\">enblancetnoir.com<\/a><\/span><\/p>\n<div><strong>PROGRAMME<\/strong><\/div>\n<div><strong>Vendredi 6 juillet\u00a0<\/strong>de 10 \u00e0 12h\u00a0: master class par l\u2019expert de <strong>Debussy<\/strong>, <strong>Paul Roberts<\/strong><br \/>\nDe 14 \u00e0 17h\u00a0: Piano \u00e0 volont\u00e9\u00a0: des \u00e9l\u00e8ves des conservatoires de Perpignan, Narbonne et Toulouse, ainsi que des membres du public, s\u2019emparent du piano et jouent \u00e0 volont\u00e9\u00a0!<br \/>\n18h\u00a0: <strong>Paul Roberts <\/strong>(piano) joue le <em>Premier livre des pr\u00e9ludes<\/em>\u00a0de <strong>Debussy <\/strong><br \/>\n21h30\u00a0: <strong>James Kreilling <\/strong>et<strong> Janneke Brits<\/strong> (2 pianos) jouent <strong>Debussy<\/strong>\u00a0: <em>Jeux<\/em>,\u00a0<em>Nuages<\/em>, <em>L\u2019apr\u00e8s-midi d\u2019un faune<\/em>, <em>En blanc et noir<\/em>, <em>Concert pour 2 pianos<\/em><strong>Samedi 7 juillet<\/strong>\u00a0: Le matin, les pianistes sont invit\u00e9s \u00e0 jouer durant le march\u00e9 sous la Halle<br \/>\n18h\u00a0: <strong>Anna Genushene<\/strong>\u00a0(piano) : <strong>Brahms-Busoni<\/strong>, <em>Chorale Preludes<\/em> \u2013<strong> Brahms<\/strong>, <em>Fantasiest\u00fccke<\/em> op.119 \u2013 <strong>Debussy<\/strong>, <em>Estampes<\/em> \u2013 <strong>Scriabine<\/strong>, <em>Vers la flamme<\/em> op.74 \u2013 <strong>Hindemith<\/strong>, <em>Einleitung und Lied<\/em> op.37 \u2013 <strong>Mozar<\/strong>t, <em>Allegro en Si b\u00e9mol majeur\u00a0Sophie und<\/em> <em>Constanza\u00a0<\/em>KV400 \u2013 <strong>Schumann, <\/strong><em>Humoresque<\/em> op.20<br \/>\n21h30\u00a0: Soir\u00e9e Cin\u00e9ma, Paris ann\u00e9es 1920\/ Lagrasse 2018\u00a0: <strong>Richard Uttley et Kate Whitley <\/strong>(pianos) accompagnen<strong>t <\/strong>un film muet de <strong>Sarah Vermeersch<\/strong> sur le festival EBEN <strong>\u2013<\/strong> <strong>Satie<\/strong>, compositeur du film <em>Entr\u2019acte<\/em> de Ren\u00e9 Clair <strong>\u2013 Milhaud<\/strong>, <em>Le B\u0153uf sur le Toit<\/em> avec un film muet \u00e0 d\u00e9terminer \u2013 <strong>Stravinsky<\/strong>, <em>Le Sacre du Printemps<\/em><br \/>\nMinuit\u00a0: Nuit blanches\/nuits sombres\u00a0<strong>: Ivan Ilic <\/strong>(piano), \u0153uvres d\u2019<strong>Arvo P\u00e4rt<\/strong>, <strong>Edvard Grieg<\/strong> et <strong>Bent Sorensen<\/strong><\/p>\n<p><strong>Dimanche 8 juillet<\/strong>\u00a0\u00e0 midi\u00a0: <strong>R\u00e9ka Baksai <\/strong>(violon),<strong> Morgane de Lafforest <\/strong>(violoncelle)<strong> et Jaime Lopez <\/strong>(piano)<strong>\u00a0: Debussy, <\/strong><em>Sonates pour piano, violon et violoncelle<\/em><br \/>\n18h\u00a0: <strong>Youlia Chaplina<\/strong> (piano) joue <strong>Ravel<\/strong>, <em>Ondine<\/em> et <em>La Valse<\/em> <strong>\u2013 Debussy, <\/strong><em>Pr\u00e9ludes<\/em>, <em>Feux d\u2019artifice<\/em>, <em>M\u00e9nestrels<\/em>, suite <em>Pour le piano<\/em>, \u00e9tude <em>Pour les arp\u00e8ges<\/em> &#8211; Entracte \u2013 Extraits de <strong>Bizet, <\/strong><em>Jeux d\u2019enfants\u00a0<\/em><strong>; Saint-Sa\u00ebns,<\/strong> <em>Le Carnaval des animaux\u00a0<\/em>; <strong>Ravel, <\/strong><em>Rhapsodie espagnole<\/em><br \/>\n21h30\u00a0<strong>: Bobby Mitchell et Ashley Hribar <\/strong>(pianos)\u00a0: <strong>Percy Grainger<\/strong>, <em>Handel in the strand<\/em> \u2013 transition improvis\u00e9e par Ashley Hribar \u2013 <strong>Bernstein<\/strong>, danses de <em>West Side Story<\/em> \u00a0\u2013 <strong>Porat<\/strong>, <em>Metropolis<\/em>\u00a0 \u2013 transition improvis\u00e9e par Bobby Mitchell &#8211; <strong>Grainger,<\/strong> <em>Fantaisie sur Porgy and Bess<\/em><strong>.<\/strong><br \/>\nConcert de minuit\u00a0: <strong>Michelle Lee<\/strong> (fl\u00fbte) et <strong>Michel Rignol<\/strong> (piano)\u00a0jouent<strong> Debussy<\/strong>, <em>Syrinx<\/em>,\u00a0<em>Et la lune descend sur le temple<\/em>, <em>Clair de Lune<\/em>, <em>Le petit berger<\/em>, <em>La fille aux cheveux de lin<\/em>, <em>Clair de lune<\/em> (Verlaine)\u00a0<strong>&#8211; Nicholas<\/strong> <strong>Maw, <\/strong><em>Midnight Thoughts\u00a0<\/em>\u2013 <strong>Messiaen<\/strong>, <em>Le merle noir<\/em> &#8211; <strong>Saint-Sa\u00ebns<\/strong>, <em>Romance<\/em><strong>.<\/strong><\/p>\n<p><strong>Lundi 9 juillet<\/strong>\u00a0\u00e0 midi\u00a0: <strong>Luis Grane <\/strong>(piano)\u00a0propose\u00a0Les Soir\u00e9es dans Grenade\u00a0: extraits de <strong>Debussy, Ravel, Alb\u00e9niz et de Falla<\/strong><br \/>\n18h\u00a0: <strong>Peter Kiss<\/strong> (piano) joue la <em>Sonate pour piano n\u00b030, op.109<\/em> de <strong>Beethoven<\/strong> et d\u2019autres \u0153uvres \u00e0 d\u00e9terminer<br \/>\n21h30\u00a0: <strong>Arias et duos baroques<\/strong>\u00a0: Concert vocal donn\u00e9 par une Soprano et une Mezzo, \u00e9tudiantes \u00e0 l\u2019Acad\u00e9mie Royale d\u2019Ecosse de Musique et de Th\u00e9\u00e2tre (Royal Scottish Academy of Music and Drama)<\/p>\n<p><strong>Mardi 10 juillet<\/strong>\u00a0\u00e0 midi\u00a0: <strong>Philip Attard<\/strong> (saxophone) et <strong>Simone Tavoni (<\/strong>piano)\u00a0jouent <strong>Debussy<\/strong>, <strong>de Falla<\/strong>, <strong>Ravel<\/strong>, <strong>Vella<\/strong>, etc.<br \/>\n18h\u00a0: <strong>Jonathan Fournel <\/strong>(piano)\u00a0joue<strong> C\u00e9sar Franck<\/strong>, Pr\u00e9lude,\u00a0Aria et Finale\u00a0\u2013 <strong>Chopin, <\/strong><em>Scherzo n\u00b03<\/em> op.39 \u2013 <strong>Debussy<\/strong>, <em>L\u2019isle joyeuse<\/em> et <em>Six \u00e9tudes<\/em> du 2<sup>\u00e8me<\/sup> livre.<br \/>\n21h30\u00a0: <strong>Pierre-Yves Plat<\/strong>, pianiste de jazz, improvise sur des \u0153uvres de <strong>Chopin <\/strong>et d\u2019autres ma\u00eetres classiques<br \/>\nConcert de minuit\u00a0: <strong>Th\u00e9o Foucheneret <\/strong>(piano) joue <strong>Janacek,<\/strong> <em>On the overgrown Path<\/em> et <em>In the mists<\/em><\/p>\n<p><strong>Mercredi 11 juillet<\/strong>\u00a0: concert de midi\u00a0: <strong>Guillaume Sigier<\/strong> (piano) et <strong>Julien Dieudegard<\/strong> (violon) jouent des grandes sonates romantiques de <strong>Richard Strauss, Beethoven et Janacek<\/strong><br \/>\n18h\u00a0: Musiques de salon des ann\u00e9es autour de 1836.\u00a0 <strong>Alexandre Karpeyev <\/strong>(piano) joue <strong>Alkan, Chopin, Liszt, Thalberg, Field <\/strong><br \/>\n21h30\u00a0: Le meilleur du Cabaret europ\u00e9en\u00a0: <strong>Amelle Saadia<\/strong> (mezzo-soprano) chante <strong>Weill, Sondheim, Poulenc, Gershwin, Porter, Bernstein<\/strong><\/p>\n<\/div>\n<p>&nbsp;<\/p>\n<div>\n<p><span class=\"style1\">Pour plus de d\u00e9tails :<a href=\"http:\/\/www.enblancetnoir.com\">http:\/\/www.enblancetnoir.com<\/a><\/span><\/p>\n<p><strong>ASSOCIATION EN BLANC ET NOIR<\/strong><br \/>\n4 Place de la Halle<br \/>\n11220 LAGRASSE<\/p>\n<p><strong>\u00a004 68 43 14 30<\/strong><\/p>\n<\/div>\n<p>&nbsp;<\/p>\n","protected":false},"excerpt":{"rendered":"<p>6 \u00e8me \u00e9dition Festival de Piano Depuis 2013, l\u2019association EBEN organise au d\u00e9but du mois de juillet le festival de piano EN BLANC ET NOIR. \u00a0La [&hellip;]<\/p>\n","protected":false},"author":1,"featured_media":0,"comment_status":"closed","ping_status":"closed","template":"","tags":[],"mec_category":[],"class_list":["post-1410","mec-events","type-mec-events","status-publish","hentry"],"_links":{"self":[{"href":"http:\/\/www.lagrasse.fr\/index.php?rest_route=\/wp\/v2\/mec-events\/1410"}],"collection":[{"href":"http:\/\/www.lagrasse.fr\/index.php?rest_route=\/wp\/v2\/mec-events"}],"about":[{"href":"http:\/\/www.lagrasse.fr\/index.php?rest_route=\/wp\/v2\/types\/mec-events"}],"author":[{"embeddable":true,"href":"http:\/\/www.lagrasse.fr\/index.php?rest_route=\/wp\/v2\/users\/1"}],"replies":[{"embeddable":true,"href":"http:\/\/www.lagrasse.fr\/index.php?rest_route=%2Fwp%2Fv2%2Fcomments&post=1410"}],"wp:attachment":[{"href":"http:\/\/www.lagrasse.fr\/index.php?rest_route=%2Fwp%2Fv2%2Fmedia&parent=1410"}],"wp:term":[{"taxonomy":"post_tag","embeddable":true,"href":"http:\/\/www.lagrasse.fr\/index.php?rest_route=%2Fwp%2Fv2%2Ftags&post=1410"},{"taxonomy":"mec_category","embeddable":true,"href":"http:\/\/www.lagrasse.fr\/index.php?rest_route=%2Fwp%2Fv2%2Fmec_category&post=1410"}],"curies":[{"name":"wp","href":"https:\/\/api.w.org\/{rel}","templated":true}]}}