{"id":54,"date":"2016-01-28T15:01:11","date_gmt":"2016-01-28T14:01:11","guid":{"rendered":"http:\/\/lagrasseay.cluster011.ovh.net\/?page_id=54"},"modified":"2022-05-31T14:02:07","modified_gmt":"2022-05-31T13:02:07","slug":"compte-rendu-du-conseil-municipal-deliberations-arretes-2","status":"publish","type":"page","link":"http:\/\/www.lagrasse.fr\/?page_id=54","title":{"rendered":"Droits et d\u00e9marches"},"content":{"rendered":"<p>[vc_row full_width=\u00a0\u00bbstretch_row_content\u00a0\u00bb][vc_column width=\u00a0\u00bb1\/2&Prime;][vc_custom_heading text=\u00a0\u00bbEtat Civil\u00a0\u00bb google_fonts=\u00a0\u00bbfont_family:Neuton%3A200%2C300%2Cregular%2Citalic%2C700%2C800|font_style:400%20regular%3A400%3Anormal\u00a0\u00bb][vc_row_inner][vc_column_inner][vc_custom_heading text=\u00a0\u00bbActe de naissance\u00a0\u00bb font_container=\u00a0\u00bbtag:h4|text_align:left|color:%23a82323&Prime; google_fonts=\u00a0\u00bbfont_family:Neuton%3A200%2C300%2Cregular%2Citalic%2C700%2C800|font_style:400%20regular%3A400%3Anormal\u00a0\u00bb][vc_column_text]<a href=\"https:\/\/www.service-public.fr\/particuliers\/vosdroits\/F1427\" target=\"_blank\" rel=\"noopener noreferrer\">Copie int\u00e9grale et extrait<\/a>[\/vc_column_text][vc_custom_heading text=\u00a0\u00bbActe de mariage\u00a0\u00bb font_container=\u00a0\u00bbtag:h4|text_align:left|color:%23a82323&Prime; google_fonts=\u00a0\u00bbfont_family:Neuton%3A200%2C300%2Cregular%2Citalic%2C700%2C800|font_style:400%20regular%3A400%3Anormal\u00a0\u00bb][vc_column_text]<a href=\"https:\/\/www.service-public.fr\/particuliers\/vosdroits\/F1432\" target=\"_blank\" rel=\"noopener noreferrer\">Extrait avec ou sans filiation et copie int\u00e9grale<\/a>[\/vc_column_text][vc_custom_heading text=\u00a0\u00bbCopie d&rsquo;acte de d\u00e9c\u00e8s\u00a0\u00bb font_container=\u00a0\u00bbtag:h4|text_align:left|color:%23a82323&Prime; google_fonts=\u00a0\u00bbfont_family:Neuton%3A200%2C300%2Cregular%2Citalic%2C700%2C800|font_style:400%20regular%3A400%3Anormal\u00a0\u00bb][vc_column_text]<a href=\"https:\/\/www.service-public.fr\/particuliers\/vosdroits\/F1444\" target=\"_blank\" rel=\"noopener noreferrer\">Qu&rsquo;est-ce-que la copie d&rsquo;acte de d\u00e9c\u00e8s ?<\/a>[\/vc_column_text][vc_column_text]<a href=\"https:\/\/www.service-public.fr\/particuliers\/vosdroits\/F1444\" target=\"_blank\" rel=\"noopener noreferrer\">Comment la faire \u00e9tablir ?<\/a>[\/vc_column_text][vc_column_text]<a href=\"https:\/\/www.service-public.fr\/particuliers\/vosdroits\/F1444\" target=\"_blank\" rel=\"noopener noreferrer\">O\u00f9 s&rsquo;adresser ?<\/a>[\/vc_column_text][vc_custom_heading text=\u00a0\u00bbLivret de famille\u00a0\u00bb font_container=\u00a0\u00bbtag:h4|text_align:left|color:%23a82323&Prime; google_fonts=\u00a0\u00bbfont_family:Neuton%3A200%2C300%2Cregular%2Citalic%2C700%2C800|font_style:400%20regular%3A400%3Anormal\u00a0\u00bb][vc_column_text]<a href=\"https:\/\/www.service-public.fr\/particuliers\/vosdroits\/F1345\" target=\"_blank\" rel=\"noopener noreferrer\">A quoi sert le livret de famille ?<\/a>[\/vc_column_text][vc_column_text]<a href=\"https:\/\/www.service-public.fr\/particuliers\/vosdroits\/F1345\" target=\"_blank\" rel=\"noopener noreferrer\">Quelles sont les conditions de d\u00e9livrance du livret de famille ?<\/a>[\/vc_column_text][vc_column_text]<a href=\"https:\/\/www.service-public.fr\/particuliers\/vosdroits\/F1345\" target=\"_blank\" rel=\"noopener noreferrer\">Comment faire en cas de perte ou de vol ou en cas de divorce, s\u00e9paration ou m\u00e9sentente ?<\/a>[\/vc_column_text][vc_custom_heading text=\u00a0\u00bbCarte grise, permis de conduire\u00a0\u00bb google_fonts=\u00a0\u00bbfont_family:Neuton%3A200%2C300%2Cregular%2Citalic%2C700%2C800|font_style:400%20regular%3A400%3Anormal\u00a0\u00bb][vc_custom_heading text=\u00a0\u00bbCarte grise\u00a0\u00bb font_container=\u00a0\u00bbtag:h4|text_align:left|color:%23a82323&Prime; google_fonts=\u00a0\u00bbfont_family:Neuton%3A200%2C300%2Cregular%2Citalic%2C700%2C800|font_style:400%20regular%3A400%3Anormal\u00a0\u00bb][vc_column_text]Nouveaut\u00e9s 2021<\/p>\n<p><em>Les d\u00e9marches li\u00e9es au certificat d&rsquo;immatriculation (ex carte grise) se font \u00e0 pr\u00e9sent de mani\u00e8re compl\u00e8tement d\u00e9mat\u00e9rialis\u00e9e sur le site de l&rsquo;Agence Nationale des Titres S\u00e9curis\u00e9s (ANTS) :\u00a0<a href=\"https:\/\/immatriculation.ants.gouv.fr\/\">https:\/\/immatriculation.ants.gouv.fr\/<\/a><\/em><\/p>\n<p><em>Attention : certains sites web trompeurs utilisent un aspect graphique ressemblant \u00e0 celui de l&rsquo;ANTS faisant payer les demandes de carte grise \u00e0 un co\u00fbt plus \u00e9lev\u00e9.<\/em><\/p>\n<p><em>\u00a0Informations sur ces pratiques + co\u00fbt via :\u00a0<a href=\"https:\/\/www.courroie-distribution.fr\/blog\/combien-coute-une-carte-grise\/\">guide du prix de la carte grise<\/a><\/em><\/p>\n<p><em>Si vous rencontrez des difficult\u00e9s avec votre demande de certificat d&rsquo;immatriculation, vous avez la possibilit\u00e9 de faire la demande via un garage automobile agr\u00e9\u00e9 par la pr\u00e9fecture :\u00a0<a href=\"https:\/\/www.vroomly.com\/garage-11\/\">garage dans le 11<\/a><\/em><\/p>\n<p><em>En cas de perte de votre certificat d&rsquo;immatriculation, consultez les\u00a0<a href=\"https:\/\/www.vroomly.com\/blog\/perte-de-carte-grise-tout-ce-que-vous-devez-savoir\/\">d\u00e9marches \u00e0 suivre.<\/a><\/em><\/p>\n<p><em><b>Frais\u00a0carte\u00a0grise<\/b>\u00a0: \u00c0 savoir que les trois premiers changements<a href=\"https:\/\/www.service-public.fr\/simulateur\/calcul\/cout-certificat-immatriculation\" target=\"_blank\" rel=\"noopener\">\u00a0d&rsquo;adresse<\/a>\u00a0sur votre\u00a0carte\u00a0grise\u00a0sont gratuits. \u00c0 partir du 4\u1d49 le forfait sera de 2,76\u2009\u20ac. \u00c0 noter que votre permis de conduite reste valable lors d&rsquo;un changement d&rsquo;adresse, il n&rsquo;est pas n\u00e9cessaire d&rsquo;en faire la demande pour en changer, retrouver les\u00a0d\u00e9marches\u00a0li\u00e9es au permis de conduire et <a href=\"https:\/\/www.ornikar.com\/permis\/demarches\/financer-permis\" target=\"_blank\" rel=\"noopener\">des aides<\/a> \u00e0 son financement.<\/em><\/p>\n<div>NB : Le service public se dote d&rsquo;un nouvel outil pour simuler le prix de votre carte grise en fonction de votre r\u00e9gion. Que ce soit pour une voiture neuve ou d&rsquo;occasion.<\/div>\n<div>Consultez ce\u00a0<a href=\"https:\/\/www.kit-embrayage.fr\/blog\/comment-faire-la-carte-grise-dune-voiture\/\" target=\"_blank\" rel=\"noopener\">guide express<\/a>\u00a0avant de vous rendre sur\u00a0<a href=\"https:\/\/www.service-public.fr\/particuliers\/vosdroits\/R39696\" target=\"_blank\" rel=\"noopener\">https:\/\/www.service-public.fr\/particuliers\/vosdroits\/R39696<\/a><\/div>\n<div><\/div>\n<div>Vid\u00e9o explicative :\u00a0<a href=\"https:\/\/www.youtube.com\/watch?v=ws2Jnm6GSR8\" target=\"_blank\" rel=\"noopener\">ANTS Chaine<\/a><\/div>\n<p>[\/vc_column_text][vc_column_text]<a href=\"https:\/\/www.service-public.fr\/particuliers\/vosdroits\/F10293\" target=\"_blank\" rel=\"noopener noreferrer\">Achat d&rsquo;un v\u00e9hicule neuf<\/a>[\/vc_column_text][vc_column_text]<a href=\"https:\/\/www.service-public.fr\/particuliers\/vosdroits\/F1050\" target=\"_blank\" rel=\"noopener noreferrer\">Achat d&rsquo;un v\u00e9hicule d&rsquo;occasion<\/a>[\/vc_column_text][vc_column_text]<a href=\"https:\/\/www.service-public.fr\/particuliers\/vosdroits\/F1707\" target=\"_blank\" rel=\"noopener noreferrer\">Vente d&rsquo;un v\u00e9hicule d&rsquo;occasion<\/a>[\/vc_column_text][vc_column_text]<a href=\"https:\/\/www.service-public.fr\/particuliers\/vosdroits\/F1360\" target=\"_blank\" rel=\"noopener noreferrer\">Certificat de situation administrative<\/a>[\/vc_column_text][vc_column_text]<a href=\"https:\/\/www.service-public.fr\/particuliers\/vosdroits\/F1726\" target=\"_blank\" rel=\"noopener noreferrer\">En cas de vol: \u00e9tablissement du duplicata<\/a>[\/vc_column_text][vc_column_text]<a href=\"https:\/\/www.service-public.fr\/particuliers\/vosdroits\/F1726\" target=\"_blank\" rel=\"noopener noreferrer\">En cas de perte: \u00e9tablissement du duplicata<\/a>[\/vc_column_text][vc_column_text]<a href=\"https:\/\/www.service-public.fr\/particuliers\/vosdroits\/F1726\" target=\"_blank\" rel=\"noopener noreferrer\">En cas de d\u00e9t\u00e9rioration: \u00e9tablissement du duplicata<\/a>[\/vc_column_text][vc_column_text]<a href=\"https:\/\/www.service-public.fr\/particuliers\/vosdroits\/F1473\" target=\"_blank\" rel=\"noopener noreferrer\">V\u00e9hicule accident\u00e9: retrait et restitution de la carte grise<\/a>[\/vc_column_text][vc_column_text]<a href=\"https:\/\/www.service-public.fr\/particuliers\/vosdroits\/F1754\" target=\"_blank\" rel=\"noopener noreferrer\">Annulation volontaire de la carte grise<\/a>[\/vc_column_text][vc_column_text]<a href=\"https:\/\/www.service-public.fr\/particuliers\/vosdroits\/F1478\" target=\"_blank\" rel=\"noopener noreferrer\">Transformation du v\u00e9hicule<\/a>[\/vc_column_text][vc_column_text]<a href=\"https:\/\/www.service-public.fr\/particuliers\/vosdroits\/F1468\" target=\"_blank\" rel=\"noopener noreferrer\">Destruction du v\u00e9hicule<\/a>[\/vc_column_text][vc_column_text]<a href=\"https:\/\/www.service-public.fr\/particuliers\/vosdroits\/F12118\" target=\"_blank\" rel=\"noopener noreferrer\">Changement de domicile<\/a>[\/vc_column_text][vc_column_text]<a href=\"https:\/\/www.service-public.fr\/particuliers\/vosdroits\/F1480\" target=\"_blank\" rel=\"noopener noreferrer\">En cas de succession ou d&rsquo;h\u00e9ritage<\/a>[\/vc_column_text][vc_custom_heading text=\u00a0\u00bbPermis de conduire\u00a0\u00bb font_container=\u00a0\u00bbtag:h4|text_align:left|color:%23a82323&Prime; google_fonts=\u00a0\u00bbfont_family:Neuton%3A200%2C300%2Cregular%2Citalic%2C700%2C800|font_style:400%20regular%3A400%3Anormal\u00a0\u00bb][vc_column_text]<a href=\"https:\/\/www.service-public.fr\/particuliers\/vosdroits\/N530\" target=\"_blank\" rel=\"noopener noreferrer\">Les diff\u00e9rents permis de conduire<\/a>[\/vc_column_text][vc_column_text]<a href=\"https:\/\/www.service-public.fr\/particuliers\/vosdroits\/F2824\" target=\"_blank\" rel=\"noopener noreferrer\">Inscription \u00e0 l&rsquo;examen<\/a>[\/vc_column_text][vc_column_text]<a href=\"https:\/\/www.service-public.fr\/particuliers\/vosdroits\/F2827\" target=\"_blank\" rel=\"noopener noreferrer\">Obtention du permis d\u00e9finitif<\/a>[\/vc_column_text][vc_column_text]<a href=\"https:\/\/www.service-public.fr\/particuliers\/vosdroits\/F1450\" target=\"_blank\" rel=\"noopener noreferrer\">En cas de vol : \u00e9tablissement du duplicata<\/a>[\/vc_column_text][vc_column_text]<a href=\"https:\/\/www.service-public.fr\/particuliers\/vosdroits\/F1727\" target=\"_blank\" rel=\"noopener noreferrer\">En cas de perte: \u00e9tablissement du duplicata<\/a>[\/vc_column_text][vc_column_text]<a href=\"https:\/\/www.service-public.fr\/particuliers\/vosdroits\/F1452\" target=\"_blank\" rel=\"noopener noreferrer\">Conversion d&rsquo;un brevet de conduite (permis) militaire<\/a>[\/vc_column_text][vc_column_text]<a href=\"https:\/\/www.service-public.fr\/particuliers\/vosdroits\/N19126\" target=\"_blank\" rel=\"noopener noreferrer\">Permis international<\/a>[\/vc_column_text][vc_column_text]<a href=\"https:\/\/www.service-public.fr\/particuliers\/vosdroits\/F1757\" target=\"_blank\" rel=\"noopener noreferrer\"> Conduire en France avec un permis d&rsquo;un Etat de l&rsquo;Union europ\u00e9enne<\/a>[\/vc_column_text][vc_column_text]<a href=\"https:\/\/www.service-public.fr\/particuliers\/vosdroits\/F1459\" target=\"_blank\" rel=\"noopener noreferrer\">Conduire en France avec un permis d&rsquo;un Etat hors Union europ\u00e9enne<\/a>[\/vc_column_text][vc_column_text]<a href=\"https:\/\/www.service-public.fr\/particuliers\/vosdroits\/F1758\" target=\"_blank\" rel=\"noopener noreferrer\"> Echanger un permis de conduire d&rsquo;un autre Etat de l&rsquo;Union europ\u00e9enne<\/a>[\/vc_column_text][vc_column_text]<a href=\"https:\/\/www.service-public.fr\/particuliers\/vosdroits\/F1460\" target=\"_blank\" rel=\"noopener noreferrer\"> Echanger un permis de conduire d&rsquo;un Etat hors Union europ\u00e9enne<\/a>[\/vc_column_text][vc_column_text]<a href=\"https:\/\/www.service-public.fr\/particuliers\/vosdroits\/F1040\" target=\"_blank\" rel=\"noopener noreferrer\">R\u00e9tention, suspension, annulation du permis<\/a>[\/vc_column_text][vc_column_text]<a href=\"https:\/\/www.service-public.fr\/particuliers\/vosdroits\/F1685\" target=\"_blank\" rel=\"noopener noreferrer\">Permis \u00e0 points<\/a>[\/vc_column_text][vc_column_text]<a href=\"https:\/\/www.service-public.fr\/particuliers\/vosdroits\/F1464\" target=\"_blank\" rel=\"noopener noreferrer\">V\u00e9hicules ne n\u00e9cessitant pas de permis de conduire<\/a>[\/vc_column_text][\/vc_column_inner][\/vc_row_inner][vc_row_inner][vc_column_inner][vc_custom_heading text=\u00a0\u00bbInformations R\u00e9novation\u00a0\u00bb google_fonts=\u00a0\u00bbfont_family:Neuton%3A200%2C300%2Cregular%2Citalic%2C700%2C800|font_style:400%20regular%3A400%3Anormal\u00a0\u00bb][\/vc_column_inner][\/vc_row_inner][vc_custom_heading text=\u00a0\u00bbR\u00e9nover son logement avec France R\u00e9nov'\u00a0\u00bb font_container=\u00a0\u00bbtag:h4|text_align:left|color:%23a82323&Prime; google_fonts=\u00a0\u00bbfont_family:Neuton%3A200%2C300%2Cregular%2Citalic%2C700%2C800|font_style:400%20regular%3A400%3Anormal\u00a0\u00bb][vc_column_text]<\/p>\n<div>La plateforme <a href=\"http:\/\/France-renov.gouv.fr\" target=\"_blank\" rel=\"noopener\">France-renov.gouv.fr<\/a> est d\u00e9sormais en ligne pour informer, guider et orienter les m\u00e9nages souhaitant r\u00e9aliser des travaux de r\u00e9novation \u00e9nerg\u00e9tique de leur logement. Suivez le guide.<strong><br \/>\n<\/strong><\/div>\n<div>En 2022, lancez-vous dans la r\u00e9novation de votre habitat pour le rafra\u00eechir et le rendre moins \u00e9nergivore ! Mais savez-vous quelles sont les formalit\u00e9s \u00e0 effectuer ? Tant juridiques qu&rsquo;au plan pratique ? Quelles entreprises choisir ? Quelles sont les aides des pouvoirs publics ? Heureusement, pour r\u00e9pondre \u00e0 ces questions, France R\u00e9nov&rsquo; , le point d\u2019entr\u00e9e unique pour tous les parcours de travaux, est l\u00e0. Il s&rsquo;agit de :<\/div>\n<div>\n<ul>\n<li>Une plateforme web (<a href=\"http:\/\/france-renov.gouv.fr\" target=\"_blank\" rel=\"noopener\">france-renov.gouv.fr<\/a>)<\/li>\n<li>Un num\u00e9ro de t\u00e9l\u00e9phone national unique (0 808 800 700) pour joindre les conseillers France R\u00e9nov&rsquo; ;<\/li>\n<li>Un r\u00e9seau de plus de 450 guichets uniques \u00ab Espaces Conseil France R\u00e9nov\u2019 \u00bb, r\u00e9partis sur l\u2019ensemble du territoire, pour informer et conseiller les m\u00e9nages.<\/li>\n<\/ul>\n<div>\n<div><strong>La Prime \u00e9nergie<\/strong><\/div>\n<div>Instaur\u00e9e par l\u2019\u00c9tat, la Prime \u00e9nergie est une subvention financ\u00e9e par des organismes priv\u00e9s (fournisseurs d\u2019\u00e9nergie et enseignes de la grande distribution) dans le cadre de la transition \u00e9nerg\u00e9tique. L\u2019objectif du dispositif est d\u2019encourager les propri\u00e9taires \u00e0 r\u00e9nover leur logement pour les rendre moins \u00e9nergivores.\u00a0<a href=\"https:\/\/www.upenergie.com\/prime-energie\/\" target=\"_blank\" rel=\"noopener\">Testez votre \u00e9ligibilit\u00e9<\/a> : Son montant peut atteindre jusqu\u2019\u00e0 4.000\u20ac<\/div>\n<div><\/div>\n<\/div>\n<\/div>\n<div>\n<div><strong>Pr\u00eat Avance R\u00e9novation\u00a0<\/strong>: nouvel espoir pour financer le reste \u00e0 charge des travaux de r\u00e9novation des propri\u00e9taires occupants les plus modestes<\/div>\n<div>Le pr\u00eat avance r\u00e9novation a pour objectif d\u2019aider les personnes exclues des solutions de financement classiques en raison de leur revenu, de leur \u00e2ge ou encore de leur situation professionnelle, \u00e0 financer le \u00ab reste \u00e0 charge \u00bb des travaux de r\u00e9novation \u00e9nerg\u00e9tique de leur r\u00e9sidence principale (maison ou appartement) r\u00e9alis\u00e9s par des professionnels reconnus garants de l\u2019environnement.<\/div>\n<div>Pour les autres cas ne pouvant pas b\u00e9n\u00e9ficier de ce dernier, d&rsquo;autres solutions existent pour emprunter. Consultez\u00a0<a href=\"https:\/\/www.gotoinvest.com\/mon-projet-credit-consommation\/\" target=\"_blank\" rel=\"noopener\">ce\u00a0site\u00a0pour\u00a0un accompagnement adapt\u00e9<\/a>\u00a0\u00e0 votre situation<\/div>\n<p>pour emprunter au meilleur taux et conditions pour financer vos travaux.<\/p><\/div>\n<p>[\/vc_column_text][\/vc_column][vc_column width=\u00a0\u00bb1\/2&Prime;][vc_custom_heading text=\u00a0\u00bbL\u00e9galisation\u00a0\u00bb google_fonts=\u00a0\u00bbfont_family:Neuton%3A200%2C300%2Cregular%2Citalic%2C700%2C800|font_style:400%20regular%3A400%3Anormal\u00a0\u00bb][vc_custom_heading text=\u00a0\u00bbL\u00e9galisation, certification, copie conforme\u00a0\u00bb font_container=\u00a0\u00bbtag:h4|text_align:left|color:%23a82323&Prime; google_fonts=\u00a0\u00bbfont_family:Neuton%3A200%2C300%2Cregular%2Citalic%2C700%2C800|font_style:400%20regular%3A400%3Anormal\u00a0\u00bb][vc_column_text]<a href=\"https:\/\/www.service-public.fr\/particuliers\/vosdroits\/F1400\" target=\"_blank\" rel=\"noopener noreferrer\">L\u00e9galisation de documents fran\u00e7ais<\/a>[\/vc_column_text][vc_column_text]<a href=\"https:\/\/www.service-public.fr\/particuliers\/vosdroits\/F1402\" target=\"_blank\" rel=\"noopener noreferrer\">L\u00e9galisation de documents d&rsquo;origine \u00e9trang\u00e8re<\/a>[\/vc_column_text][vc_column_text]<a href=\"https:\/\/www.service-public.fr\/particuliers\/vosdroits\/F1411\" target=\"_blank\" rel=\"noopener noreferrer\">L\u00e9galisation ou certification de signature<\/a>[\/vc_column_text][vc_column_text]<a href=\"https:\/\/www.service-public.fr\/particuliers\/vosdroits\/F1412\" target=\"_blank\" rel=\"noopener noreferrer\">Copie ou photocopie conforme d&rsquo;un document<\/a>[\/vc_column_text][vc_column_text]<a href=\"https:\/\/www.service-public.fr\/particuliers\/vosdroits\/F1374\" target=\"_blank\" rel=\"noopener noreferrer\">Traduction d&rsquo;une pi\u00e8ce d&rsquo;\u00e9tat civil<\/a>[\/vc_column_text][vc_custom_heading text=\u00a0\u00bbElections\u00a0\u00bb google_fonts=\u00a0\u00bbfont_family:Neuton%3A200%2C300%2Cregular%2Citalic%2C700%2C800|font_style:400%20regular%3A400%3Anormal\u00a0\u00bb][vc_row_inner][vc_column_inner][vc_custom_heading text=\u00a0\u00bbCarte d&rsquo;\u00e9lecteur\u00a0\u00bb font_container=\u00a0\u00bbtag:h4|text_align:left|color:%23a82323&Prime; google_fonts=\u00a0\u00bbfont_family:Neuton%3A200%2C300%2Cregular%2Citalic%2C700%2C800|font_style:400%20regular%3A400%3Anormal\u00a0\u00bb][vc_column_text]<a href=\"https:\/\/www.service-public.fr\/particuliers\/vosdroits\/F1961\" target=\"_blank\" rel=\"noopener noreferrer\">Inscription d&rsquo;office sur les listes \u00e9lectorales (Jeunes de 18 ans)<\/a>[\/vc_column_text][vc_column_text]<a href=\"https:\/\/www.service-public.fr\/particuliers\/vosdroits\/F1367\" target=\"_blank\" rel=\"noopener noreferrer\">Inscription volontaire sur les listes \u00e9lectorales<\/a>[\/vc_column_text][vc_column_text]<a href=\"https:\/\/www.service-public.fr\/particuliers\/vosdroits\/F1965\" target=\"_blank\" rel=\"noopener noreferrer\">Inscription des personnes sans domicile fixe (SDF)<\/a>[\/vc_column_text][vc_column_text]<a href=\"https:\/\/www.service-public.fr\/particuliers\/vosdroits\/F1372\" target=\"_blank\" rel=\"noopener noreferrer\">En cas de changement de domicile<\/a>[\/vc_column_text][vc_column_text]<a href=\"https:\/\/www.service-public.fr\/particuliers\/vosdroits\/F1962\" target=\"_blank\" rel=\"noopener noreferrer\">Carte \u00e9lectorale<\/a>[\/vc_column_text][vc_column_text]<a href=\"https:\/\/www.service-public.fr\/particuliers\/vosdroits\/F1962#N10133\" target=\"_blank\" rel=\"noopener noreferrer\">Perte ou vol de la carte \u00e9lectorale<\/a>[\/vc_column_text][vc_column_text]<a href=\"https:\/\/www.service-public.fr\/particuliers\/vosdroits\/F1963\" target=\"_blank\" rel=\"noopener noreferrer\">Consultation des listes \u00e9lectorales<\/a>[\/vc_column_text][vc_column_text]<a href=\"https:\/\/www.service-public.fr\/particuliers\/vosdroits\/F1604\" target=\"_blank\" rel=\"noopener noreferrer\">Vote par procuration<\/a>[\/vc_column_text][vc_custom_heading text=\u00a0\u00bbCertificats\u00a0\u00bb google_fonts=\u00a0\u00bbfont_family:Neuton%3A200%2C300%2Cregular%2Citalic%2C700%2C800|font_style:400%20regular%3A400%3Anormal\u00a0\u00bb][vc_custom_heading text=\u00a0\u00bbCertificat de vie maritale (concubinage)\u00a0\u00bb font_container=\u00a0\u00bbtag:h4|text_align:left|color:%23a82323&Prime; google_fonts=\u00a0\u00bbfont_family:Neuton%3A200%2C300%2Cregular%2Citalic%2C700%2C800|font_style:400%20regular%3A400%3Anormal\u00a0\u00bb][vc_column_text]<a href=\"https:\/\/www.service-public.fr\/particuliers\/vosdroits\/F1433\" target=\"_blank\" rel=\"noopener noreferrer\">Comment l&rsquo;obtenir ?<\/a>[\/vc_column_text][vc_custom_heading text=\u00a0\u00bbCertificat d&rsquo;h\u00e9r\u00e9dit\u00e9\u00a0\u00bb font_container=\u00a0\u00bbtag:h4|text_align:left|color:%23a82323&Prime; google_fonts=\u00a0\u00bbfont_family:Neuton%3A200%2C300%2Cregular%2Citalic%2C700%2C800|font_style:400%20regular%3A400%3Anormal\u00a0\u00bb][vc_column_text]<a href=\"https:\/\/www.service-public.fr\/particuliers\/vosdroits\/F12697\" target=\"_blank\" rel=\"noopener noreferrer\">Dans quel cas le certificat d&rsquo;h\u00e9r\u00e9dit\u00e9 est-il n\u00e9cessaire ?<\/a>[\/vc_column_text][vc_column_text]<a href=\"https:\/\/www.service-public.fr\/particuliers\/vosdroits\/F12697\" target=\"_blank\" rel=\"noopener noreferrer\">Qui peut l&rsquo;obtenir ?<\/a>[\/vc_column_text][vc_column_text]<a href=\"https:\/\/www.service-public.fr\/particuliers\/vosdroits\/F12697\" target=\"_blank\" rel=\"noopener noreferrer\">Comment l&rsquo;obtenir ?<\/a>[\/vc_column_text][vc_custom_heading text=\u00a0\u00bbCasier judiciaire\u00a0\u00bb google_fonts=\u00a0\u00bbfont_family:Neuton%3A200%2C300%2Cregular%2Citalic%2C700%2C800|font_style:400%20regular%3A400%3Anormal\u00a0\u00bb][vc_custom_heading text=\u00a0\u00bbExtrait de casier judiciaire\u00a0\u00bb font_container=\u00a0\u00bbtag:h4|text_align:left|color:%23a82323&Prime; google_fonts=\u00a0\u00bbfont_family:Neuton%3A200%2C300%2Cregular%2Citalic%2C700%2C800|font_style:400%20regular%3A400%3Anormal\u00a0\u00bb][vc_column_text]<a href=\"https:\/\/www.service-public.fr\/particuliers\/vosdroits\/F14710#N100D5\" target=\"_blank\" rel=\"noopener noreferrer\">Qu&rsquo;est ce qu&rsquo;un casier judiciaire ?<\/a>[\/vc_column_text][vc_column_text]<a href=\"https:\/\/www.service-public.fr\/particuliers\/vosdroits\/F1420\" target=\"_blank\" rel=\"noopener noreferrer\">Demande de bulletin n\u00ba3<\/a>[\/vc_column_text][vc_column_text]<a href=\"https:\/\/www.service-public.fr\/particuliers\/vosdroits\/F14710\" target=\"_blank\" rel=\"noopener noreferrer\">Les trois types de casier judiciaire<\/a>[\/vc_column_text][vc_custom_heading text=\u00a0\u00bbPi\u00e8ces d&rsquo;identit\u00e9\u00a0\u00bb google_fonts=\u00a0\u00bbfont_family:Neuton%3A200%2C300%2Cregular%2Citalic%2C700%2C800|font_style:400%20regular%3A400%3Anormal\u00a0\u00bb][vc_custom_heading text=\u00a0\u00bbPasseport\u00a0\u00bb font_container=\u00a0\u00bbtag:h4|text_align:left|color:%23a82323&Prime; google_fonts=\u00a0\u00bbfont_family:Neuton%3A200%2C300%2Cregular%2Citalic%2C700%2C800|font_style:400%20regular%3A400%3Anormal\u00a0\u00bb][vc_column_text]<a href=\"https:\/\/www.service-public.fr\/particuliers\/vosdroits\/F14929\" target=\"_blank\" rel=\"noopener noreferrer\">Etablissement pour les personnes majeures<\/a>[\/vc_column_text][vc_column_text]<a href=\"https:\/\/www.service-public.fr\/particuliers\/vosdroits\/F14930\" target=\"_blank\" rel=\"noopener noreferrer\">Etablissement pour les personnes mineures non \u00e9mancip\u00e9es<\/a>[\/vc_column_text][vc_column_text]<a href=\"https:\/\/www.service-public.fr\/particuliers\/vosdroits\/F1709\" target=\"_blank\" rel=\"noopener noreferrer\">Remplacement gratuit du passeport<\/a>[\/vc_column_text][vc_column_text]<a href=\"https:\/\/www.service-public.fr\/particuliers\/vosdroits\/N360\" target=\"_blank\" rel=\"noopener noreferrer\">Passeport et visa<\/a>[\/vc_column_text][vc_column_text]<a href=\"https:\/\/www.service-public.fr\/particuliers\/vosdroits\/F1373\" target=\"_blank\" rel=\"noopener noreferrer\">D\u00e9livrance en urgence<\/a>[\/vc_column_text][vc_column_text]<a href=\"https:\/\/www.service-public.fr\/particuliers\/vosdroits\/F1922\" target=\"_blank\" rel=\"noopener noreferrer\"> D\u00e9marches n\u00e9cessaires \u00e0 la sortie du territoire d&rsquo;un enfant mineur<\/a>[\/vc_column_text][vc_column_text]<a href=\"https:\/\/www.service-public.fr\/particuliers\/vosdroits\/F1343\" target=\"_blank\" rel=\"noopener noreferrer\">Le nom sur les documents d&rsquo;identit\u00e9<\/a>[\/vc_column_text][vc_column_text]<a href=\"https:\/\/www.service-public.fr\/particuliers\/vosdroits\/N360\" target=\"_blank\" rel=\"noopener noreferrer\">En cas de perte ou de vol<\/a>[\/vc_column_text][vc_custom_heading text=\u00a0\u00bbCarte nationale d&rsquo;identit\u00e9\u00a0\u00bb font_container=\u00a0\u00bbtag:h4|text_align:left|color:%23a82323&Prime; google_fonts=\u00a0\u00bbfont_family:Neuton%3A200%2C300%2Cregular%2Citalic%2C700%2C800|font_style:400%20regular%3A400%3Anormal\u00a0\u00bb][vc_column_text]<a href=\"https:\/\/www.service-public.fr\/particuliers\/vosdroits\/F1341\" target=\"_blank\" rel=\"noopener noreferrer\">Etablissement pour les personnes majeures<\/a>[\/vc_column_text][vc_column_text]<a href=\"https:\/\/www.service-public.fr\/particuliers\/vosdroits\/F1342\" target=\"_blank\" rel=\"noopener noreferrer\">Etablissement pour les personnes mineures<\/a>[\/vc_column_text][vc_column_text]<a href=\"https:\/\/www.service-public.fr\/particuliers\/vosdroits\/F1343\" target=\"_blank\" rel=\"noopener noreferrer\">Le nom sur la carte d&rsquo;identit\u00e9<\/a>[\/vc_column_text][vc_column_text]<a href=\"https:\/\/www.service-public.fr\/particuliers\/vosdroits\/F1344\" target=\"_blank\" rel=\"noopener noreferrer\">En cas de perte ou de vol<\/a>[\/vc_column_text][vc_column_text]<a href=\"https:\/\/www.service-public.fr\/particuliers\/vosdroits\/F1036\" target=\"_blank\" rel=\"noopener noreferrer\">Contr\u00f4le et v\u00e9rification d&rsquo;identit\u00e9<\/a>[\/vc_column_text][vc_custom_heading text=\u00a0\u00bbAutorisations\u00a0\u00bb google_fonts=\u00a0\u00bbfont_family:Neuton%3A200%2C300%2Cregular%2Citalic%2C700%2C800|font_style:400%20regular%3A400%3Anormal\u00a0\u00bb][vc_custom_heading text=\u00a0\u00bbAutorisation de sortie du territoire\u00a0\u00bb font_container=\u00a0\u00bbtag:h4|text_align:left|color:%23a82323&Prime; google_fonts=\u00a0\u00bbfont_family:Neuton%3A200%2C300%2Cregular%2Citalic%2C700%2C800|font_style:400%20regular%3A400%3Anormal\u00a0\u00bb][vc_column_text]<a href=\"https:\/\/www.service-public.fr\/particuliers\/vosdroits\/F1359\" target=\"_blank\" rel=\"noopener noreferrer\">Dans quels cas est-elle n\u00e9cessaire ?<\/a>[\/vc_column_text][vc_column_text]<a href=\"https:\/\/www.service-public.fr\/particuliers\/vosdroits\/F1359\" target=\"_blank\" rel=\"noopener noreferrer\">Comment faire la demande ?<\/a>[\/vc_column_text][vc_column_text]<a href=\"https:\/\/www.service-public.fr\/particuliers\/vosdroits\/F1359\" target=\"_blank\" rel=\"noopener noreferrer\">Co\u00fbt, dur\u00e9e de validit\u00e9<\/a>[\/vc_column_text][vc_custom_heading text=\u00a0\u00bbAccueil des \u00e9trangers\u00a0\u00bb google_fonts=\u00a0\u00bbfont_family:Neuton%3A200%2C300%2Cregular%2Citalic%2C700%2C800|font_style:400%20regular%3A400%3Anormal\u00a0\u00bb][vc_custom_heading text=\u00a0\u00bbPapiers\u00a0\u00bb font_container=\u00a0\u00bbtag:h4|text_align:left|color:%23a82323&Prime; google_fonts=\u00a0\u00bbfont_family:Neuton%3A200%2C300%2Cregular%2Citalic%2C700%2C800|font_style:400%20regular%3A400%3Anormal\u00a0\u00bb][vc_column_text]<a href=\"https:\/\/www.service-public.fr\/particuliers\/vosdroits\/N19804\" target=\"_blank\" rel=\"noopener noreferrer\">Les diff\u00e9rents cas<\/a>[\/vc_column_text][\/vc_column_inner][\/vc_row_inner][\/vc_column][\/vc_row][vc_row][vc_column][\/vc_column][\/vc_row]<\/p>\n","protected":false},"excerpt":{"rendered":"<p>[vc_row full_width=\u00a0\u00bbstretch_row_content\u00a0\u00bb][vc_column width=\u00a0\u00bb1\/2&Prime;][vc_custom_heading text=\u00a0\u00bbEtat Civil\u00a0\u00bb google_fonts=\u00a0\u00bbfont_family:Neuton%3A200%2C300%2Cregular%2Citalic%2C700%2C800|font_style:400%20regular%3A400%3Anormal\u00a0\u00bb][vc_row_inner][vc_column_inner][vc_custom_heading text=\u00a0\u00bbActe de naissance\u00a0\u00bb font_container=\u00a0\u00bbtag:h4|text_align:left|color:%23a82323&Prime; google_fonts=\u00a0\u00bbfont_family:Neuton%3A200%2C300%2Cregular%2Citalic%2C700%2C800|font_style:400%20regular%3A400%3Anormal\u00a0\u00bb][vc_column_text]Copie int\u00e9grale et extrait[\/vc_column_text][vc_custom_heading text=\u00a0\u00bbActe de mariage\u00a0\u00bb font_container=\u00a0\u00bbtag:h4|text_align:left|color:%23a82323&Prime; google_fonts=\u00a0\u00bbfont_family:Neuton%3A200%2C300%2Cregular%2Citalic%2C700%2C800|font_style:400%20regular%3A400%3Anormal\u00a0\u00bb][vc_column_text]Extrait avec ou sans filiation et copie int\u00e9grale[\/vc_column_text][vc_custom_heading [&hellip;]<\/p>\n","protected":false},"author":1,"featured_media":0,"parent":57,"menu_order":0,"comment_status":"closed","ping_status":"closed","template":"","meta":{"footnotes":""},"class_list":["post-54","page","type-page","status-publish","hentry"],"_links":{"self":[{"href":"http:\/\/www.lagrasse.fr\/index.php?rest_route=\/wp\/v2\/pages\/54"}],"collection":[{"href":"http:\/\/www.lagrasse.fr\/index.php?rest_route=\/wp\/v2\/pages"}],"about":[{"href":"http:\/\/www.lagrasse.fr\/index.php?rest_route=\/wp\/v2\/types\/page"}],"author":[{"embeddable":true,"href":"http:\/\/www.lagrasse.fr\/index.php?rest_route=\/wp\/v2\/users\/1"}],"replies":[{"embeddable":true,"href":"http:\/\/www.lagrasse.fr\/index.php?rest_route=%2Fwp%2Fv2%2Fcomments&post=54"}],"version-history":[{"count":27,"href":"http:\/\/www.lagrasse.fr\/index.php?rest_route=\/wp\/v2\/pages\/54\/revisions"}],"predecessor-version":[{"id":2337,"href":"http:\/\/www.lagrasse.fr\/index.php?rest_route=\/wp\/v2\/pages\/54\/revisions\/2337"}],"up":[{"embeddable":true,"href":"http:\/\/www.lagrasse.fr\/index.php?rest_route=\/wp\/v2\/pages\/57"}],"wp:attachment":[{"href":"http:\/\/www.lagrasse.fr\/index.php?rest_route=%2Fwp%2Fv2%2Fmedia&parent=54"}],"curies":[{"name":"wp","href":"https:\/\/api.w.org\/{rel}","templated":true}]}}